{"id":449371,"date":"2026-08-27T17:20:50","date_gmt":"2026-08-27T15:20:50","guid":{"rendered":"https:\/\/vitacomoda.it\/casa\/prodotto\/12a-grado-p427-4x4-chiusura-in-pizzo-evidenzia-onda-del-corpo-chiusura-dei-capelli-umani-pre-pizzicato-10-22-pollici-capelli-vergini-brasiliani-parte-libera\/"},"modified":"2026-08-27T17:22:50","modified_gmt":"2026-08-27T15:22:50","slug":"12a-grado-p427-4x4-chiusura-in-pizzo-evidenzia-onda-del-corpo-chiusura-dei-capelli-umani-pre-pizzicato-10-22-pollici-capelli-vergini-brasiliani-parte-libera","status":"publish","type":"product","link":"https:\/\/vitacomoda.it\/bellezza\/prodotto\/12a-grado-p427-4x4-chiusura-in-pizzo-evidenzia-onda-del-corpo-chiusura-dei-capelli-umani-pre-pizzicato-10-22-pollici-capelli-vergini-brasiliani-parte-libera\/","title":{"rendered":"12A Grado P427 4&#215;4 Chiusura in pizzo Evidenzia onda del corpo Chiusura dei capelli umani Pre-pizzicato 10-22 pollici Capelli vergini brasiliani Parte libera"},"content":{"rendered":"<div>\n<div>\n<p><img decoding=\"async\" src=\"\/\/ae01.alicdn.com\/kf\/Sd1fa823fdc874d3992e4c4396c0fa2b0g.jpg\" slate-data-type=\"image\" \/><img decoding=\"async\" src=\"\/\/ae01.alicdn.com\/kf\/S7b12bfa5ba85424c993583e99e6c5be4q.jpg\" slate-data-type=\"image\" \/><img decoding=\"async\" src=\"\/\/ae01.alicdn.com\/kf\/S596187dfd5da4b50be2a6cfe2143ca4bm.jpg\" slate-data-type=\"image\" \/><img decoding=\"async\" src=\"\/\/ae01.alicdn.com\/kf\/S525be93597aa4b3d91f1e287cf6fbf17l.jpg\" slate-data-type=\"image\" \/><img decoding=\"async\" src=\"\/\/ae01.alicdn.com\/kf\/S5a1a5bc8739b4f6890ecbdffb5ad21f8m.jpg\" slate-data-type=\"image\" \/><\/p>\n<p><img decoding=\"async\" src=\"\/\/ae01.alicdn.com\/kf\/S36a7625e02a249f9822c2410d42bad2bA.jpg\" slate-data-type=\"image\" \/><img decoding=\"async\" src=\"\/\/ae01.alicdn.com\/kf\/S7e38f3588830460f964ab8c81e234c70X.jpg\" slate-data-type=\"image\" \/><\/p>\n<p style=\"font-family:\"TT Norms Pro\", \"Open Sans\", Roboto, Arial, Helvetica, sans-serif, SimSun;font-size:14px;font-weight:400;letter-spacing:normal;line-height:inherit;text-align:start;white-space:normal;color:rgb(34, 34, 34);background-color:rgb(255, 255, 255);margin:0pt;margin-bottom:0pt;margin-top:0pt;margin-left:0pt;margin-right:0pt;padding:0pt 0pt 0pt 0em;padding-bottom:0pt;padding-top:0pt;padding-right:0pt;box-sizing:border-box\"  align=\"start\"><span style=\"background-color:rgb(255, 255, 255);color:rgb(51, 51, 51);font-size:48px;font-family:Arial\"><strong id=\"tl_1\">FAQ<\/strong><\/span><\/p>\n<p style=\"font-family:\"TT Norms Pro\", \"Open Sans\", Roboto, Arial, Helvetica, sans-serif, SimSun;font-size:14px;font-weight:400;letter-spacing:normal;line-height:inherit;text-align:start;white-space:normal;color:rgb(34, 34, 34);margin:0px;margin-bottom:0px;margin-top:0px;margin-left:0px;margin-right:0px;padding:0px;padding-bottom:0px;padding-top:0px;padding-left:0px;padding-right:0px;box-sizing:border-box\" align=\"start\"><\/p>\n<p style=\"font-family:\"TT Norms Pro\", \"Open Sans\", Roboto, Arial, Helvetica, sans-serif, SimSun;font-size:14px;font-weight:400;letter-spacing:normal;line-height:inherit;text-align:start;white-space:normal;color:rgb(34, 34, 34);background-color:rgb(255, 255, 255);margin:0pt;margin-bottom:0pt;margin-top:0pt;margin-left:0pt;margin-right:0pt;padding:0pt 0pt 0pt 0em;padding-bottom:0pt;padding-top:0pt;padding-right:0pt;box-sizing:border-box\"  align=\"start\"><span style=\"background-color:rgb(255, 255, 255);color:rgb(51, 51, 51);font-size:28px;font-family:Arial\"><strong id=\"tl_2\">Q1: Possono essere stirati, arricciati?<\/strong><\/span><\/p>\n<p style=\"font-family:\"TT Norms Pro\", \"Open Sans\", Roboto, Arial, Helvetica, sans-serif, SimSun;font-size:14px;font-weight:400;letter-spacing:normal;line-height:inherit;text-align:start;white-space:normal;color:rgb(34, 34, 34);margin:0px;margin-bottom:0px;margin-top:0px;margin-left:0px;margin-right:0px;padding:0px;padding-bottom:0px;padding-top:0px;padding-left:0px;padding-right:0px;box-sizing:border-box\" align=\"start\"><\/p>\n<p style=\"font-family:\"TT Norms Pro\", \"Open Sans\", Roboto, Arial, Helvetica, sans-serif, SimSun;font-size:14px;font-weight:400;letter-spacing:normal;line-height:inherit;text-align:start;white-space:normal;color:rgb(34, 34, 34);background-color:rgb(255, 255, 255);margin:0pt;margin-bottom:0pt;margin-top:0pt;margin-left:0pt;margin-right:0pt;padding:0pt 0pt 0pt 0em;padding-bottom:0pt;padding-top:0pt;padding-right:0pt;box-sizing:border-box\"  align=\"start\"><span style=\"background-color:rgb(255, 255, 255);color:rgb(51, 51, 51);font-size:18pt;font-family:Arial\" id=\"tl_3\">A: Tratta i capelli come se fossero i tuoi capelli.Usa una piastra\/piastra, ma come con i tuoi capelli, non usare mai troppo spesso.<\/span><\/p>\n<p style=\"font-family:\"TT Norms Pro\", \"Open Sans\", Roboto, Arial, Helvetica, sans-serif, SimSun;font-size:14px;font-weight:400;letter-spacing:normal;line-height:inherit;text-align:start;white-space:normal;color:rgb(34, 34, 34);margin:0px;margin-bottom:0px;margin-top:0px;margin-left:0px;margin-right:0px;padding:0px;padding-bottom:0px;padding-top:0px;padding-left:0px;padding-right:0px;box-sizing:border-box\" align=\"start\"><\/p>\n<p style=\"font-family:\"TT Norms Pro\", \"Open Sans\", Roboto, Arial, Helvetica, sans-serif, SimSun;font-size:14px;font-weight:400;letter-spacing:normal;line-height:inherit;text-align:start;white-space:normal;color:rgb(34, 34, 34);background-color:rgb(255, 255, 255);margin:0pt;margin-bottom:0pt;margin-top:0pt;margin-left:0pt;margin-right:0pt;padding:0pt 0pt 0pt 0em;padding-bottom:0pt;padding-top:0pt;padding-right:0pt;box-sizing:border-box\"  align=\"start\"><span style=\"background-color:rgb(255, 255, 255);color:rgb(51, 51, 51);font-size:28px;font-family:Arial\"><strong id=\"tl_4\">Q2: Posso tingere o decolorare i capelli?<\/strong><\/span><\/p>\n<p style=\"font-family:\"TT Norms Pro\", \"Open Sans\", Roboto, Arial, Helvetica, sans-serif, SimSun;font-size:14px;font-weight:400;letter-spacing:normal;line-height:inherit;text-align:start;white-space:normal;color:rgb(34, 34, 34);margin:0px;margin-bottom:0px;margin-top:0px;margin-left:0px;margin-right:0px;padding:0px;padding-bottom:0px;padding-top:0px;padding-left:0px;padding-right:0px;box-sizing:border-box\" align=\"start\"><\/p>\n<p style=\"font-family:\"TT Norms Pro\", \"Open Sans\", Roboto, Arial, Helvetica, sans-serif, SimSun;font-size:14px;font-weight:400;letter-spacing:normal;line-height:inherit;text-align:start;white-space:normal;color:rgb(34, 34, 34);background-color:rgb(255, 255, 255);margin:0pt;margin-bottom:0pt;margin-top:0pt;margin-left:0pt;margin-right:0pt;padding:0pt 0pt 0pt 0em;padding-bottom:0pt;padding-top:0pt;padding-right:0pt;box-sizing:border-box\"  align=\"start\"><span style=\"background-color:rgb(255, 255, 255);color:rgb(51, 51, 51);font-size:18pt;font-family:Arial\" id=\"tl_5\">R: s\u00ec.I capelli possono essere colorati.Come regola generale \u00e8 pi\u00f9 facile scurire i capelli che schiarirli.Ti consigliamo vivamente di far tingere le extension dal tuo parrucchiere, colorarle tu stesso comporta sempre un alto rischio di non ottenere la tonalit\u00e0 desiderata.Se non puoi andare in un salone, usa una tintura per capelli di buona qualit\u00e0 e prova prima un piccolo campione, per favore.<\/span><\/p>\n<p style=\"font-family:\"TT Norms Pro\", \"Open Sans\", Roboto, Arial, Helvetica, sans-serif, SimSun;font-size:14px;font-weight:400;letter-spacing:normal;line-height:inherit;text-align:start;white-space:normal;color:rgb(34, 34, 34);margin:0px;margin-bottom:0px;margin-top:0px;margin-left:0px;margin-right:0px;padding:0px;padding-bottom:0px;padding-top:0px;padding-left:0px;padding-right:0px;box-sizing:border-box\" align=\"start\"><\/p>\n<p style=\"font-family:\"TT Norms Pro\", \"Open Sans\", Roboto, Arial, Helvetica, sans-serif, SimSun;font-size:14px;font-weight:400;letter-spacing:normal;line-height:inherit;text-align:start;white-space:normal;color:rgb(34, 34, 34);background-color:rgb(255, 255, 255);margin:0pt;margin-bottom:0pt;margin-top:0pt;margin-left:0pt;margin-right:0pt;padding:0pt 0pt 0pt 0em;padding-bottom:0pt;padding-top:0pt;padding-right:0pt;box-sizing:border-box\"  align=\"start\"><span style=\"background-color:rgb(255, 255, 255);color:rgb(51, 51, 51);font-size:28px;font-family:Arial\"><strong id=\"tl_6\">Q3: posso lavare i capelli?<\/strong><\/span><\/p>\n<p style=\"font-family:\"TT Norms Pro\", \"Open Sans\", Roboto, Arial, Helvetica, sans-serif, SimSun;font-size:14px;font-weight:400;letter-spacing:normal;line-height:inherit;text-align:start;white-space:normal;color:rgb(34, 34, 34);margin:0px;margin-bottom:0px;margin-top:0px;margin-left:0px;margin-right:0px;padding:0px;padding-bottom:0px;padding-top:0px;padding-left:0px;padding-right:0px;box-sizing:border-box\" align=\"start\"><\/p>\n<p style=\"font-family:\"TT Norms Pro\", \"Open Sans\", Roboto, Arial, Helvetica, sans-serif, SimSun;font-size:14px;font-weight:400;letter-spacing:normal;line-height:inherit;text-align:start;white-space:normal;color:rgb(34, 34, 34);background-color:rgb(255, 255, 255);margin:0pt;margin-bottom:0pt;margin-top:0pt;margin-left:0pt;margin-right:0pt;padding:0pt 0pt 0pt 0em;padding-bottom:0pt;padding-top:0pt;padding-right:0pt;box-sizing:border-box\"  align=\"start\"><span style=\"background-color:rgb(255, 255, 255);color:rgb(51, 51, 51);font-size:18pt;font-family:Arial\" id=\"tl_7\">A:puoi lavarli come faresti con i tuoi.Shampoo e balsamo.Poich\u00e9 i capelli non sono attaccati al cuoio capelluto, non ricevono gli oli che dovrebbero ricevere.Raccomandiamo inoltre di utilizzare un trattamento per capelli ogni poche settimane.<\/span><\/p>\n<p style=\"font-family:\"TT Norms Pro\", \"Open Sans\", Roboto, Arial, Helvetica, sans-serif, SimSun;font-size:14px;font-weight:400;letter-spacing:normal;line-height:inherit;text-align:start;white-space:normal;color:rgb(34, 34, 34);margin:0px;margin-bottom:0px;margin-top:0px;margin-left:0px;margin-right:0px;padding:0px;padding-bottom:0px;padding-top:0px;padding-left:0px;padding-right:0px;box-sizing:border-box\" align=\"start\"><\/p>\n<p style=\"font-family:\"TT Norms Pro\", \"Open Sans\", Roboto, Arial, Helvetica, sans-serif, SimSun;font-size:14px;font-weight:400;letter-spacing:normal;line-height:inherit;text-align:start;white-space:normal;color:rgb(34, 34, 34);background-color:rgb(255, 255, 255);margin:0pt;margin-bottom:0pt;margin-top:0pt;margin-left:0pt;margin-right:0pt;padding:0pt 0pt 0pt 0em;padding-bottom:0pt;padding-top:0pt;padding-right:0pt;box-sizing:border-box\"  align=\"start\"><span style=\"background-color:rgb(255, 255, 255);color:rgb(51, 51, 51);font-size:28px;font-family:Arial\"><strong id=\"tl_8\">Q4: Posso asciugare i capelli con il phon?<\/strong><\/span><\/p>\n<p style=\"font-family:\"TT Norms Pro\", \"Open Sans\", Roboto, Arial, Helvetica, sans-serif, SimSun;font-size:14px;font-weight:400;letter-spacing:normal;line-height:inherit;text-align:start;white-space:normal;color:rgb(34, 34, 34);margin:0px;margin-bottom:0px;margin-top:0px;margin-left:0px;margin-right:0px;padding:0px;padding-bottom:0px;padding-top:0px;padding-left:0px;padding-right:0px;box-sizing:border-box\" align=\"start\"><\/p>\n<p style=\"font-family:\"TT Norms Pro\", \"Open Sans\", Roboto, Arial, Helvetica, sans-serif, SimSun;font-size:14px;font-weight:400;letter-spacing:normal;line-height:inherit;text-align:start;white-space:normal;color:rgb(34, 34, 34);background-color:rgb(255, 255, 255);margin:0pt;margin-bottom:0pt;margin-top:0pt;margin-left:0pt;margin-right:0pt;padding:0pt 0pt 0pt 0em;padding-bottom:0pt;padding-top:0pt;padding-right:0pt;box-sizing:border-box\"  align=\"start\"><span style=\"background-color:rgb(255, 255, 255);color:rgb(51, 51, 51);font-size:18pt;font-family:Arial\" id=\"tl_9\">R: Le extension possono essere asciugate con il phon a un&#8217;impostazione bassa, ma non \u00e8 consigliabile farlo troppo spesso.\u00c8 meglio lasciare asciugare le extension naturalmente dopo averle lavate.<\/span><\/p>\n<p style=\"font-family:\"TT Norms Pro\", \"Open Sans\", Roboto, Arial, Helvetica, sans-serif, SimSun;font-size:14px;font-weight:400;letter-spacing:normal;line-height:inherit;text-align:start;white-space:normal;color:rgb(34, 34, 34);margin:0px;margin-bottom:0px;margin-top:0px;margin-left:0px;margin-right:0px;padding:0px;padding-bottom:0px;padding-top:0px;padding-left:0px;padding-right:0px;box-sizing:border-box\" align=\"start\"><\/p>\n<p style=\"font-family:\"TT Norms Pro\", \"Open Sans\", Roboto, Arial, Helvetica, sans-serif, SimSun;font-size:14px;font-weight:400;letter-spacing:normal;line-height:inherit;text-align:start;white-space:normal;color:rgb(34, 34, 34);background-color:rgb(255, 255, 255);margin:0pt;margin-bottom:0pt;margin-top:0pt;margin-left:0pt;margin-right:0pt;padding:0pt 0pt 0pt 0em;padding-bottom:0pt;padding-top:0pt;padding-right:0pt;box-sizing:border-box\"  align=\"start\"><span style=\"background-color:rgb(255, 255, 255);color:rgb(51, 51, 51);font-size:28px;font-family:Arial\"><strong id=\"tl_10\">Q5: Perch\u00e9 i miei capelli si aggrovigliano?<\/strong><\/span><\/p>\n<p style=\"font-family:\"TT Norms Pro\", \"Open Sans\", Roboto, Arial, Helvetica, sans-serif, SimSun;font-size:14px;font-weight:400;letter-spacing:normal;line-height:inherit;text-align:start;white-space:normal;color:rgb(34, 34, 34);margin:0px;margin-bottom:0px;margin-top:0px;margin-left:0px;margin-right:0px;padding:0px;padding-bottom:0px;padding-top:0px;padding-left:0px;padding-right:0px;box-sizing:border-box\" align=\"start\"><\/p>\n<p style=\"font-family:\"TT Norms Pro\", \"Open Sans\", Roboto, Arial, Helvetica, sans-serif, SimSun;font-size:14px;font-weight:400;letter-spacing:normal;line-height:inherit;text-align:start;white-space:normal;color:rgb(34, 34, 34);background-color:rgb(255, 255, 255);margin:0pt;margin-bottom:0pt;margin-top:0pt;margin-left:0pt;margin-right:0pt;padding:0pt 0pt 0pt 0em;padding-bottom:0pt;padding-top:0pt;padding-right:0pt;box-sizing:border-box\"  align=\"start\"><span style=\"background-color:rgb(255, 255, 255);color:rgb(51, 51, 51);font-size:18pt;font-family:Arial\" id=\"tl_11\">R: I tuoi capelli possono essere dovuti a secchezza, olio, accumulo di sporco e mancata pettinatura (pettine a denti larghi<\/span><span style=\"background-color:rgb(255, 255, 255);color:rgb(51, 51, 51);font-size:18pt;font-family:\u5b8b\u4f53\">)<\/span><\/p>\n<p style=\"font-family:\"TT Norms Pro\", \"Open Sans\", Roboto, Arial, Helvetica, sans-serif, SimSun;font-size:14px;font-weight:400;letter-spacing:normal;line-height:inherit;text-align:start;white-space:normal;color:rgb(34, 34, 34);background-color:rgb(255, 255, 255);margin:0pt;margin-bottom:0pt;margin-top:0pt;margin-left:0pt;margin-right:0pt;padding:0pt 0pt 0pt 0em;padding-bottom:0pt;padding-top:0pt;padding-right:0pt;box-sizing:border-box\"  align=\"start\"><img decoding=\"async\" src=\"\/\/ae01.alicdn.com\/kf\/S90740e94ba6e411eb07873f928864f11w.jpg\" slate-data-type=\"image\" \/><\/p>\n<\/div>\n<\/div>\n","protected":false},"excerpt":{"rendered":"<p>FAQ Q1: Possono essere stirati, arricciati? A: Tratta i capelli come se fossero i tuoi capelli.Usa una piastra\/piastra, ma come [&hellip;]<\/p>\n","protected":false},"featured_media":449379,"comment_status":"open","ping_status":"closed","template":"","meta":{"site-sidebar-layout":"default","site-content-layout":"","ast-site-content-layout":"default","site-content-style":"default","site-sidebar-style":"default","ast-global-header-display":"","ast-banner-title-visibility":"","ast-main-header-display":"","ast-hfb-above-header-display":"","ast-hfb-below-header-display":"","ast-hfb-mobile-header-display":"","site-post-title":"","ast-breadcrumbs-content":"","ast-featured-img":"","footer-sml-layout":"","ast-disable-related-posts":"","theme-transparent-header-meta":"","adv-header-id-meta":"","stick-header-meta":"","header-above-stick-meta":"","header-main-stick-meta":"","header-below-stick-meta":"","astra-migrate-meta-layouts":"default","ast-page-background-enabled":"default","ast-page-background-meta":{"desktop":{"background-color":"var(--ast-global-color-5)","background-image":"","background-repeat":"repeat","background-position":"center center","background-size":"auto","background-attachment":"scroll","background-type":"","background-media":"","overlay-type":"","overlay-color":"","overlay-opacity":"","overlay-gradient":""},"tablet":{"background-color":"","background-image":"","background-repeat":"repeat","background-position":"center center","background-size":"auto","background-attachment":"scroll","background-type":"","background-media":"","overlay-type":"","overlay-color":"","overlay-opacity":"","overlay-gradient":""},"mobile":{"background-color":"","background-image":"","background-repeat":"repeat","background-position":"center center","background-size":"auto","background-attachment":"scroll","background-type":"","background-media":"","overlay-type":"","overlay-color":"","overlay-opacity":"","overlay-gradient":""}},"ast-content-background-meta":{"desktop":{"background-color":"var(--ast-global-color-4)","background-image":"","background-repeat":"repeat","background-position":"center center","background-size":"auto","background-attachment":"scroll","background-type":"","background-media":"","overlay-type":"","overlay-color":"","overlay-opacity":"","overlay-gradient":""},"tablet":{"background-color":"var(--ast-global-color-4)","background-image":"","background-repeat":"repeat","background-position":"center center","background-size":"auto","background-attachment":"scroll","background-type":"","background-media":"","overlay-type":"","overlay-color":"","overlay-opacity":"","overlay-gradient":""},"mobile":{"background-color":"var(--ast-global-color-4)","background-image":"","background-repeat":"repeat","background-position":"center center","background-size":"auto","background-attachment":"scroll","background-type":"","background-media":"","overlay-type":"","overlay-color":"","overlay-opacity":"","overlay-gradient":""}}},"product_brand":[],"product_cat":[38341],"product_tag":[],"class_list":["post-449371","product","type-product","status-publish","has-post-thumbnail","product_cat-extension-capelli-parrucche-chiusure-pizzo-frontali","desktop-align-left","tablet-align-left","mobile-align-center","first","instock","sale","shipping-taxable","purchasable","product-type-variable"],"_links":{"self":[{"href":"https:\/\/vitacomoda.it\/bellezza\/wp-json\/wp\/v2\/product\/449371","targetHints":{"allow":["GET"]}}],"collection":[{"href":"https:\/\/vitacomoda.it\/bellezza\/wp-json\/wp\/v2\/product"}],"about":[{"href":"https:\/\/vitacomoda.it\/bellezza\/wp-json\/wp\/v2\/types\/product"}],"replies":[{"embeddable":true,"href":"https:\/\/vitacomoda.it\/bellezza\/wp-json\/wp\/v2\/comments?post=449371"}],"wp:featuredmedia":[{"embeddable":true,"href":"https:\/\/vitacomoda.it\/bellezza\/wp-json\/wp\/v2\/media\/449379"}],"wp:attachment":[{"href":"https:\/\/vitacomoda.it\/bellezza\/wp-json\/wp\/v2\/media?parent=449371"}],"wp:term":[{"taxonomy":"product_brand","embeddable":true,"href":"https:\/\/vitacomoda.it\/bellezza\/wp-json\/wp\/v2\/product_brand?post=449371"},{"taxonomy":"product_cat","embeddable":true,"href":"https:\/\/vitacomoda.it\/bellezza\/wp-json\/wp\/v2\/product_cat?post=449371"},{"taxonomy":"product_tag","embeddable":true,"href":"https:\/\/vitacomoda.it\/bellezza\/wp-json\/wp\/v2\/product_tag?post=449371"}],"curies":[{"name":"wp","href":"https:\/\/api.w.org\/{rel}","templated":true}]}}