{"id":465843,"date":"2026-08-27T19:27:21","date_gmt":"2026-08-27T17:27:21","guid":{"rendered":"https:\/\/vitacomoda.it\/casa\/prodotto\/estensioni-della-cheratina-dei-capelli-con-punta-a-u-capelli-umani-estensioni-dei-capelli-umani-di-fusione-bionda-diritta-08-g-1-g-filo-capelli-remy-reali-al-100\/"},"modified":"2026-08-27T19:29:02","modified_gmt":"2026-08-27T17:29:02","slug":"estensioni-della-cheratina-dei-capelli-con-punta-a-u-capelli-umani-estensioni-dei-capelli-umani-di-fusione-bionda-diritta-08-g-1-g-filo-capelli-remy-reali-al-100","status":"publish","type":"product","link":"https:\/\/vitacomoda.it\/bellezza\/prodotto\/estensioni-della-cheratina-dei-capelli-con-punta-a-u-capelli-umani-estensioni-dei-capelli-umani-di-fusione-bionda-diritta-08-g-1-g-filo-capelli-remy-reali-al-100\/","title":{"rendered":"Estensioni della cheratina dei capelli con punta a U Capelli umani Estensioni dei capelli umani di fusione bionda diritta 0,8 g\/1 g\/filo Capelli Remy reali al 100%"},"content":{"rendered":"<p style=\"text-align: center;\"><video style=\"max-width: 100%;\" src=\"\/\/video.aliexpress-media.com\/play\/u\/ae_sg_item\/2668056286\/p\/1\/e\/6\/t\/10301\/1100154717177.mp4\" poster=\"https:\/\/ae-pic-a1.aliexpress-media.com\/kf\/Sbff892e692c44c8e95c03b88a3ebca99J.jpg\" preload=\"auto\" controls=\"controls\" width=\"100%\" height=\"100%\"><\/video><\/p>\n<div>\n<div>\n<div>\n <img decoding=\"async\" src=\"\/\/ae01.alicdn.com\/kf\/Saee1938c421945b1bffddeab6533fdf6z.jpg\" slate-data-type=\"image\" \/>\n<\/div>\n<div>\n<p style=\"font-family:OpenSans;font-size:14px;font-weight:300;line-height:20px;white-space:pre-wrap;color:rgb(0, 0, 0);margin-bottom:12px\"  id=\"tl_1\">Extension per Capelli U-Tip in Capelli Umani<\/p>\n<\/div>\n<div>\n<p style=\"font-family:OpenSans;font-size:14px;font-weight:300;line-height:20px;white-space:pre-wrap;color:rgb(0, 0, 0);margin-bottom:12px\"  id=\"tl_2\">Estensioni dei capelli con punta a U in cheratina Capelli umani Biondo miele Estensione dei capelli umani con fusione diritta 0,8 g\/1 g\/filo 100% veri capelli Remy<\/p>\n<\/div>\n<div>\n<p style=\"font-family:OpenSans;font-size:14px;font-weight:300;line-height:20px;white-space:pre-wrap;color:rgb(0, 0, 0);margin-bottom:12px\"  id=\"tl_3\">Descrizione dei capelli U Tip Human Fusion:<\/p>\n<\/div>\n<div>\n<p style=\"font-family:OpenSans;font-size:14px;font-weight:300;line-height:20px;white-space:pre-wrap;color:rgb(0, 0, 0);margin-bottom:12px\"  id=\"tl_4\">1. Marca: WXMY Hair<\/p>\n<\/div>\n<div>\n<p style=\"font-family:OpenSans;font-size:14px;font-weight:300;line-height:20px;white-space:pre-wrap;color:rgb(0, 0, 0);margin-bottom:12px\"  id=\"tl_5\">2. Tipo di capelli: Extension in capelli umani con tecnologia Fusion, capelli umani naturali.<\/p>\n<\/div>\n<div>\n<p style=\"font-family:OpenSans;font-size:14px;font-weight:300;line-height:20px;white-space:pre-wrap;color:rgb(0, 0, 0);margin-bottom:12px\"  id=\"tl_6\">3. Materiale dei capelli: 100% capelli umani veri, nessun altro mix<\/p>\n<\/div>\n<div>\n<p style=\"font-family:OpenSans;font-size:14px;font-weight:300;line-height:20px;white-space:pre-wrap;color:rgb(0, 0, 0);margin-bottom:12px\"  id=\"tl_7\">4. Colore dei capelli: Colore naturale, #1, #1B, #2, #4, #6, #8, #18, #12, #16, #18, #27, #60, #613, #BUG, #4P27, #4P613, #6P613, #12P613, #18P613, #27P613<\/p>\n<\/div>\n<div>\n<p style=\"font-family:OpenSans;font-size:14px;font-weight:300;line-height:20px;white-space:pre-wrap;color:rgb(0, 0, 0);margin-bottom:12px\"  id=\"tl_8\">Tutti i colori sono disponibili ora, se desideri personalizzare un altro colore, non esitare a contattarci.<\/p>\n<\/div>\n<div>\n<p style=\"font-family:OpenSans;font-size:14px;font-weight:300;line-height:20px;white-space:pre-wrap;color:rgb(0, 0, 0);margin-bottom:12px\"  id=\"tl_9\">5. Lunghezza dei capelli: 14-28 pollici, lunghezze maggiori possono essere personalizzate<\/p>\n<\/div>\n<div>\n<p style=\"font-family:OpenSans;font-size:14px;font-weight:300;line-height:20px;white-space:pre-wrap;color:rgb(0, 0, 0);margin-bottom:12px\"  id=\"tl_10\">6. Texture dei capelli: Capelli lisci<\/p>\n<\/div>\n<div>\n<p style=\"font-family:OpenSans;font-size:14px;font-weight:300;line-height:20px;white-space:pre-wrap;color:rgb(0, 0, 0);margin-bottom:12px\"  id=\"tl_11\">7. Peso dei capelli: 0,8 g\/1 g per ciocca, 100 g per set. Se desideri onde o un peso specifico, ti preghiamo di contattarci.<\/p>\n<\/div>\n<div>\n<p style=\"font-family:OpenSans;font-size:14px;font-weight:300;line-height:20px;white-space:pre-wrap;color:rgb(0, 0, 0);margin-bottom:12px\"  id=\"tl_12\">8. Caratteristica dei capelli:<\/p>\n<\/div>\n<div>\n<p style=\"font-family:OpenSans;font-size:14px;font-weight:300;line-height:20px;white-space:pre-wrap;color:rgb(0, 0, 0);margin-bottom:12px\"  id=\"tl_13\">Extension per capelli super lunghi, capelli naturali,<\/p>\n<\/div>\n<div>\n<p style=\"font-family:OpenSans;font-size:14px;font-weight:300;line-height:20px;white-space:pre-wrap;color:rgb(0, 0, 0);margin-bottom:12px\"  id=\"tl_14\">Nessun trattamento con pozioni, niente pidocchi, niente nodi, niente perdita di capelli.<\/p>\n<\/div>\n<div>\n<p style=\"font-family:OpenSans;font-size:14px;font-weight:300;line-height:20px;white-space:pre-wrap;color:rgb(0, 0, 0);margin-bottom:12px\"  id=\"tl_15\">Pu\u00f2 essere arricciato, stirato<\/p>\n<\/div>\n<div>\n <img decoding=\"async\" src=\"\/\/ae01.alicdn.com\/kf\/S56fb62dcf0804c9ca644713afc3b0c042.jpg\" slate-data-type=\"image\" \/><br \/>\n <img decoding=\"async\" src=\"\/\/ae01.alicdn.com\/kf\/Sa2523525612f4546a2f1fad7b0721d64M.jpg\" slate-data-type=\"image\" \/><br \/>\n <img decoding=\"async\" src=\"\/\/ae01.alicdn.com\/kf\/Sce72b0aa682f4eb58bc7fb1bc983b786N.jpg\" slate-data-type=\"image\" \/><br \/>\n <img decoding=\"async\" src=\"\/\/ae01.alicdn.com\/kf\/Sefafc1ddcf0b4fce8411f861bf8cfb43L.jpg\" slate-data-type=\"image\" \/><br \/>\n <img decoding=\"async\" src=\"\/\/ae01.alicdn.com\/kf\/S94375857b3774a0992c2d44856e355a34.jpg\" slate-data-type=\"image\" \/><br \/>\n <img decoding=\"async\" src=\"\/\/ae01.alicdn.com\/kf\/Sc789d3fdfa0a4ea794ce06d71e1b0655Q.jpg\" slate-data-type=\"image\" \/><br \/>\n <img decoding=\"async\" src=\"\/\/ae01.alicdn.com\/kf\/S61105c00c8844fa6b4348c0042fa003dn.jpg\" slate-data-type=\"image\" \/><br \/>\n <img decoding=\"async\" src=\"\/\/ae01.alicdn.com\/kf\/S87961f908143486796cb544a7429619ez.jpg\" slate-data-type=\"image\" \/><br \/>\n <img decoding=\"async\" src=\"\/\/ae01.alicdn.com\/kf\/S635da2dd52e94f988a506ef6580bdd59W.jpg\" slate-data-type=\"image\" \/><br \/>\n <img decoding=\"async\" src=\"\/\/ae01.alicdn.com\/kf\/Sf3e7d207c4d447f3ae580bc208b1877eu.jpg\" slate-data-type=\"image\" \/>\n<\/div>\n<div>\n <img decoding=\"async\" src=\"\/\/ae01.alicdn.com\/kf\/S3ae5eafe66714fb990928880c977180ag.jpg\" slate-data-type=\"image\" \/><br \/>\n <img decoding=\"async\" src=\"\/\/ae01.alicdn.com\/kf\/S8a7f5c7c8ebc46708bd8412d7bd36b73d.jpg\" slate-data-type=\"image\" \/><br \/>\n <img decoding=\"async\" src=\"\/\/ae01.alicdn.com\/kf\/S642fd56f3f88489f869c7ce2f898ee57A.jpg\" slate-data-type=\"image\" \/><br \/>\n <img decoding=\"async\" src=\"\/\/ae01.alicdn.com\/kf\/S504d4ec83c8644eea856fe73b7345918f.jpg\" slate-data-type=\"image\" \/><br \/>\n <img decoding=\"async\" src=\"\/\/ae01.alicdn.com\/kf\/S1bc257f8938b48d59aea359daa95990cW.jpg\" slate-data-type=\"image\" \/>\n<\/div>\n<div>\n<p style=\"font-family:OpenSans;font-size:14px;font-weight:300;line-height:20px;white-space:pre-wrap;color:rgb(0, 0, 0);margin-bottom:12px\"  id=\"tl_16\">FAQ sulle nostre extension per capelli<\/p>\n<\/div>\n<div>\n<p style=\"font-family:OpenSans;font-size:14px;font-weight:300;line-height:20px;white-space:pre-wrap;color:rgb(0, 0, 0);margin-bottom:12px\"  id=\"tl_17\">1. Le tue extension per capelli sono fatte di capelli umani? I tuoi capelli sono Remy? E cosa significa?<\/p>\n<\/div>\n<div>\n<p style=\"font-family:OpenSans;font-size:14px;font-weight:300;line-height:20px;white-space:pre-wrap;color:rgb(0, 0, 0);margin-bottom:12px\"  id=\"tl_18\">\u00a0Questo significa?<\/p>\n<\/div>\n<div>\n<p style=\"font-family:OpenSans;font-size:14px;font-weight:300;line-height:20px;white-space:pre-wrap;color:rgb(0, 0, 0);margin-bottom:12px\"  id=\"tl_19\">S\u00ec. Tutte le nostre extension per capelli della nostra gamma sono realizzate al 100% con capelli umani Remy. I capelli umani, a differenza di quelli sintetici o animali, possono essere acconciati, tinti, lavati e spazzolati, offrendoti molta pi\u00f9 libert\u00e0 e un risultato decisamente pi\u00f9 naturale.<\/p>\n<\/div>\n<div>\n<p style=\"color:rgb(46, 156, 195)\" id=\"tl_20\">\u201cRemy\u201d<\/p>\n<\/div>\n<div>\n<p style=\"font-family:OpenSans;font-size:14px;font-weight:300;line-height:20px;white-space:pre-wrap;color:rgb(0, 0, 0);margin-bottom:12px\"  id=\"tl_21\">\u00a0\u00c8 la migliore qualit\u00e0 di extension per capelli disponibile, poich\u00e9 \u00e8 &#8220;cuticle correct&#8221;, il che significa che tutte le cuticole sul fusto del capello sono orientate nella stessa direzione (verso il basso). Questo garantisce che i capelli rimangano lucenti, morbidi e senza nodi per mesi, persino anni se curati adeguatamente.<\/p>\n<\/div>\n<div>\n<p style=\"font-family:OpenSans;font-size:14px;font-weight:300;line-height:20px;white-space:pre-wrap;color:rgb(0, 0, 0);margin-bottom:12px\"  id=\"tl_22\">2. Le extension possono essere lisciate, arricciate, tinte o tonalizzate?<\/p>\n<\/div>\n<div>\n<p style=\"font-family:OpenSans;font-size:14px;font-weight:300;line-height:20px;white-space:pre-wrap;color:rgb(0, 0, 0);margin-bottom:12px\"  id=\"tl_23\">Tutte le extension di capelli umani possono essere tinte, tagliate e acconciate proprio come i capelli naturali, ma poich\u00e9 non sono attaccate alla radice originale e sono gi\u00e0 state trattate chimicamente, possono reagire al colore in modo diverso da quanto ti aspetteresti.<\/p>\n<\/div>\n<div>\n<p style=\"font-family:OpenSans;font-size:14px;font-weight:300;line-height:20px;white-space:pre-wrap;color:rgb(0, 0, 0);margin-bottom:12px\"  id=\"tl_24\">Consigliamo inoltre di scurire o tonalizzare le tue extension solo, e mai decolorarle o schiarirle, poich\u00e9 ci\u00f2 potrebbe ridurne seriamente la durata. Se hai intenzione di tingere le tue extension, ti raccomandiamo vivamente di rivolgerti a un colorista professionista con esperienza nel tingere le extension per evitare risultati imprecisi o danni ai capelli.<\/p>\n<\/div>\n<p><\/p>\n<\/div>\n<\/div>\n","protected":false},"excerpt":{"rendered":"<p>Extension per Capelli U-Tip in Capelli Umani Estensioni dei capelli con punta a U in cheratina Capelli umani Biondo miele [&hellip;]<\/p>\n","protected":false},"featured_media":466004,"comment_status":"open","ping_status":"closed","template":"","meta":{"site-sidebar-layout":"default","site-content-layout":"","ast-site-content-layout":"default","site-content-style":"default","site-sidebar-style":"default","ast-global-header-display":"","ast-banner-title-visibility":"","ast-main-header-display":"","ast-hfb-above-header-display":"","ast-hfb-below-header-display":"","ast-hfb-mobile-header-display":"","site-post-title":"","ast-breadcrumbs-content":"","ast-featured-img":"","footer-sml-layout":"","ast-disable-related-posts":"","theme-transparent-header-meta":"","adv-header-id-meta":"","stick-header-meta":"","header-above-stick-meta":"","header-main-stick-meta":"","header-below-stick-meta":"","astra-migrate-meta-layouts":"default","ast-page-background-enabled":"default","ast-page-background-meta":{"desktop":{"background-color":"var(--ast-global-color-5)","background-image":"","background-repeat":"repeat","background-position":"center center","background-size":"auto","background-attachment":"scroll","background-type":"","background-media":"","overlay-type":"","overlay-color":"","overlay-opacity":"","overlay-gradient":""},"tablet":{"background-color":"","background-image":"","background-repeat":"repeat","background-position":"center center","background-size":"auto","background-attachment":"scroll","background-type":"","background-media":"","overlay-type":"","overlay-color":"","overlay-opacity":"","overlay-gradient":""},"mobile":{"background-color":"","background-image":"","background-repeat":"repeat","background-position":"center center","background-size":"auto","background-attachment":"scroll","background-type":"","background-media":"","overlay-type":"","overlay-color":"","overlay-opacity":"","overlay-gradient":""}},"ast-content-background-meta":{"desktop":{"background-color":"var(--ast-global-color-4)","background-image":"","background-repeat":"repeat","background-position":"center center","background-size":"auto","background-attachment":"scroll","background-type":"","background-media":"","overlay-type":"","overlay-color":"","overlay-opacity":"","overlay-gradient":""},"tablet":{"background-color":"var(--ast-global-color-4)","background-image":"","background-repeat":"repeat","background-position":"center center","background-size":"auto","background-attachment":"scroll","background-type":"","background-media":"","overlay-type":"","overlay-color":"","overlay-opacity":"","overlay-gradient":""},"mobile":{"background-color":"var(--ast-global-color-4)","background-image":"","background-repeat":"repeat","background-position":"center center","background-size":"auto","background-attachment":"scroll","background-type":"","background-media":"","overlay-type":"","overlay-color":"","overlay-opacity":"","overlay-gradient":""}}},"product_brand":[],"product_cat":[38342],"product_tag":[],"class_list":["post-465843","product","type-product","status-publish","has-post-thumbnail","product_cat-extension-capelli-parrucche-capelli-veri-tessitura","desktop-align-left","tablet-align-left","mobile-align-center","first","instock","sale","shipping-taxable","purchasable","product-type-variable"],"_links":{"self":[{"href":"https:\/\/vitacomoda.it\/bellezza\/wp-json\/wp\/v2\/product\/465843","targetHints":{"allow":["GET"]}}],"collection":[{"href":"https:\/\/vitacomoda.it\/bellezza\/wp-json\/wp\/v2\/product"}],"about":[{"href":"https:\/\/vitacomoda.it\/bellezza\/wp-json\/wp\/v2\/types\/product"}],"replies":[{"embeddable":true,"href":"https:\/\/vitacomoda.it\/bellezza\/wp-json\/wp\/v2\/comments?post=465843"}],"wp:featuredmedia":[{"embeddable":true,"href":"https:\/\/vitacomoda.it\/bellezza\/wp-json\/wp\/v2\/media\/466004"}],"wp:attachment":[{"href":"https:\/\/vitacomoda.it\/bellezza\/wp-json\/wp\/v2\/media?parent=465843"}],"wp:term":[{"taxonomy":"product_brand","embeddable":true,"href":"https:\/\/vitacomoda.it\/bellezza\/wp-json\/wp\/v2\/product_brand?post=465843"},{"taxonomy":"product_cat","embeddable":true,"href":"https:\/\/vitacomoda.it\/bellezza\/wp-json\/wp\/v2\/product_cat?post=465843"},{"taxonomy":"product_tag","embeddable":true,"href":"https:\/\/vitacomoda.it\/bellezza\/wp-json\/wp\/v2\/product_tag?post=465843"}],"curies":[{"name":"wp","href":"https:\/\/api.w.org\/{rel}","templated":true}]}}