{"id":527850,"date":"2026-08-28T05:22:02","date_gmt":"2026-08-28T03:22:02","guid":{"rendered":"https:\/\/vitacomoda.it\/casa\/prodotto\/4c-bordi-crespi-ricci-crespi-cinghia-invisibile-360-parrucche-anteriori-in-pizzo-pieno-glueless-parrucca-frontale-in-pizzo-per-capelli-umani-con-capelli-ricci-per-bambini\/"},"modified":"2026-08-28T05:24:42","modified_gmt":"2026-08-28T03:24:42","slug":"4c-bordi-crespi-ricci-crespi-cinghia-invisibile-360-parrucche-anteriori-in-pizzo-pieno-glueless-parrucca-frontale-in-pizzo-per-capelli-umani-con-capelli-ricci-per-bambini","status":"publish","type":"product","link":"https:\/\/vitacomoda.it\/bellezza\/prodotto\/4c-bordi-crespi-ricci-crespi-cinghia-invisibile-360-parrucche-anteriori-in-pizzo-pieno-glueless-parrucca-frontale-in-pizzo-per-capelli-umani-con-capelli-ricci-per-bambini\/","title":{"rendered":"4C Bordi crespi Ricci crespi Cinghia invisibile 360 Parrucche anteriori in pizzo pieno Glueless Parrucca frontale in pizzo per capelli umani con capelli ricci per bambini"},"content":{"rendered":"<p style=\"text-align: center;\"><video style=\"max-width: 100%;\" src=\"\/\/video.aliexpress-media.com\/play\/u\/ae_sg_item\/2676432303\/p\/1\/e\/6\/t\/10301\/5000361720973.mp4\" poster=\"https:\/\/ae-pic-a1.aliexpress-media.com\/kf\/S9a390d603dca45318dc4ec24b43bec241.jpg\" preload=\"auto\" controls=\"controls\" width=\"100%\" height=\"100%\"><\/video><\/p>\n<div>\n<div>\n<div>\n<div>\n<p><span style=\"font-size:20px\"><strong id=\"tl_1\">4C Bordi crespi Cinghia invisibile riccia crespa 360 Parrucche senza colla anteriori in pizzo completo Parrucca frontale in pizzo per capelli umani con capelli ricci per bambini<\/strong><\/span><\/p>\n<p id=\"tl_2\">Tipo di Parrucca: Parrucca in capelli umani con fascia invisibile, vestibilit\u00e0 aderente, 360 full lace front. <br \/>Struttura dei capelli: bordi 4C Parrucca frontale in pizzo HD riccia crespa con coulisse invisibile <br \/>Densit\u00e0: 180-250 Densit\u00e0 <br \/>Lunghezza: 18-36 pollici disponibili <br \/>Materiale dei capelli: capelli umani remy da giovane donatore <br \/>Pu\u00f2 essere tinto e decolorato: s\u00ec <br \/>Colore del pizzo: pizzo trasparente HD, si fonde perfettamente, si abbina a tutte le pelli <br \/>Attaccatura dei capelli: prepizzicata con peli del bambino. Misura del cappuccio: misura media con spalline regolabili<\/p>\n<p style=\"font-family:OpenSans;font-size:14px;font-weight:300;letter-spacing:normal;line-height:20px;text-align:start;white-space:pre-wrap;color:rgb(0, 0, 0);margin:0px 0px 12px;margin-bottom:12px;margin-top:0px;margin-left:0px;margin-right:0px;padding:0px;padding-bottom:0px;padding-top:0px;padding-left:0px;padding-right:0px;box-sizing:border-box\"  align=\"start\" id=\"tl_3\">Colore dei capelli: parrucche frontali in pizzo 13&#215;6 naturali in capelli umani <br \/>Durata della parrucca: 1-2 anni con la cura adeguata<\/p>\n<p style=\"font-family:OpenSans;font-size:14px;font-weight:300;letter-spacing:normal;line-height:20px;text-align:start;white-space:pre-wrap;color:rgb(0, 0, 0);margin:0px 0px 12px;margin-bottom:12px;margin-top:0px;margin-left:0px;margin-right:0px;padding:0px;padding-bottom:0px;padding-top:0px;padding-left:0px;padding-right:0px;box-sizing:border-box\"  align=\"start\" id=\"tl_4\">Tipo di pizzo: parrucca Invisi Strap Snug Fit 360 in pizzo<\/p>\n<div>\n   <img decoding=\"async\" width=\"750\" height=\"auto\" src=\"\/\/ae-pic-a1.aliexpress-media.com\/kf\/S9e342e009edc443da7b22cd8e2ee9cdau.jpg\" slate-data-type=\"image\" \/>\n  <\/div>\n<p style=\"font-family:OpenSans;font-size:14px;font-weight:300;letter-spacing:normal;line-height:20px;text-align:start;white-space:pre-wrap;color:rgb(0, 0, 0);margin:0px 0px 12px;margin-bottom:12px;margin-top:0px;margin-left:0px;margin-right:0px;padding:0px;padding-bottom:0px;padding-top:0px;padding-left:0px;padding-right:0px;box-sizing:border-box\"  align=\"start\"><img decoding=\"async\" src=\"\/\/ae01.alicdn.com\/kf\/A4310c92246ac4679b59b17876b69d08bg.jpg\" slate-data-type=\"image\" \/><img decoding=\"async\" src=\"\/\/ae01.alicdn.com\/kf\/Ab48c37a7f4b54a2186d5792ab137aab5S.jpg\" slate-data-type=\"image\" \/><img decoding=\"async\" src=\"\/\/ae01.alicdn.com\/kf\/Ae881771f5ee44927b471e3b67fab9abbD.jpg\" slate-data-type=\"image\" \/><img decoding=\"async\" src=\"\/\/ae01.alicdn.com\/kf\/A75f3ae018545499b81e98bb24107b68dR.jpg\" slate-data-type=\"image\" \/><\/p>\n<p style=\"font-family:OpenSans;font-size:14px;font-weight:300;letter-spacing:normal;line-height:20px;text-align:start;white-space:pre-wrap;color:rgb(0, 0, 0);margin:0px 0px 12px;margin-bottom:12px;margin-top:0px;margin-left:0px;margin-right:0px;padding:0px;padding-bottom:0px;padding-top:0px;padding-left:0px;padding-right:0px;box-sizing:border-box\"  align=\"start\"><img decoding=\"async\" src=\"\/\/ae01.alicdn.com\/kf\/A4ac5e7a215d04ea58294ce77e4c0f4a8Y.jpg\" slate-data-type=\"image\" \/><\/p>\n<\/p>\n<p style=\"font-family:OpenSans;font-size:14px;font-weight:300;letter-spacing:normal;line-height:inherit;text-align:left;white-space:pre-wrap;color:rgb(0, 0, 0);margin:0px;margin-bottom:0px;margin-top:0px;margin-left:0px;margin-right:0px;padding:0px;padding-bottom:0px;padding-top:0px;padding-left:0px;padding-right:0px;box-sizing:border-box\" align=\"left\"><span style=\"font-size:24px\"><strong id=\"tl_5\">FAQ<\/strong><\/span><\/p>\n<p style=\"font-family:OpenSans;font-size:14px;font-weight:300;letter-spacing:normal;line-height:inherit;text-align:start;white-space:pre-wrap;color:rgb(0, 0, 0);margin:0px;margin-bottom:0px;margin-top:0px;margin-left:0px;margin-right:0px;padding:0px;padding-bottom:0px;padding-top:0px;padding-left:0px;padding-right:0px;box-sizing:border-box\" align=\"start\"><span style=\"font-size:16px\"><strong id=\"tl_6\">D1. Perder\u00e0 capelli o si annoder\u00e0?<\/strong><\/span><\/p>\n<p style=\"font-family:OpenSans;font-size:14px;font-weight:300;letter-spacing:normal;line-height:inherit;text-align:start;white-space:pre-wrap;color:rgb(0, 0, 0);margin:0px;margin-bottom:0px;margin-top:0px;margin-left:0px;margin-right:0px;padding:0px;padding-bottom:0px;padding-top:0px;padding-left:0px;padding-right:0px;box-sizing:border-box\" align=\"start\" id=\"tl_7\"><strong>A: Perdita di pelo:<\/strong> La caduta iniziale di alcuni fili di capelli nuovi \u00e8 normale. Consigliamo sempre ai clienti di sigillare la trama prima dell&#8217;installazione e di spazzolarla con un pettine a denti larghi. Una caduta eccessiva pu\u00f2 essere causata dal taglio della trama o dalla secchezza. Si prega di sigillare sempre le estremit\u00e0 se si taglia la trama per l&#8217;installazione e di mantenerla idratata.<\/p>\n<p style=\"font-family:OpenSans;font-size:14px;font-weight:300;letter-spacing:normal;line-height:inherit;text-align:start;white-space:pre-wrap;color:rgb(0, 0, 0);margin:0px;margin-bottom:0px;margin-top:0px;margin-left:0px;margin-right:0px;padding:0px;padding-bottom:0px;padding-top:0px;padding-left:0px;padding-right:0px;box-sizing:border-box\" align=\"start\" id=\"tl_8\"><strong>Tangle<\/strong>Di solito, i nostri capelli non si annodano perch\u00e9 sono capelli umani con cuticole intatte. Tuttavia, la secchezza, l&#8217;accumulo di olio e sporco, l&#8217;acqua salata o la mancata pettinatura quotidiana possono causare nodi e perdita di capelli. Si prega di seguire le istruzioni per la cura dei capelli e di utilizzare un buon shampoo e balsamo per lavare i capelli due volte a settimana.<\/p>\n<p style=\"font-family:OpenSans;font-size:14px;font-weight:300;letter-spacing:normal;line-height:inherit;text-align:start;white-space:pre-wrap;color:rgb(0, 0, 0);margin:0px;margin-bottom:0px;margin-top:0px;margin-left:0px;margin-right:0px;padding:0px;padding-bottom:0px;padding-top:0px;padding-left:0px;padding-right:0px;box-sizing:border-box\" align=\"start\"><span style=\"font-size:16px\"><strong id=\"tl_9\">D2. Posso tingerlo di un altro colore e creare un altro stile?<\/strong><\/span><\/p>\n<p style=\"font-family:OpenSans;font-size:14px;font-weight:300;letter-spacing:normal;line-height:inherit;text-align:start;white-space:pre-wrap;color:rgb(0, 0, 0);margin:0px;margin-bottom:0px;margin-top:0px;margin-left:0px;margin-right:0px;padding:0px;padding-bottom:0px;padding-top:0px;padding-left:0px;padding-right:0px;box-sizing:border-box\" align=\"start\" id=\"tl_10\"><strong>R:<\/strong> S\u00ec, i nostri capelli sono capelli umani e possono essere tinti, decolorati e permanentati. Tuttavia, tingere e fare la permanente frequentemente dannegger\u00e0 i capelli, fino a distruggerli. Si prega di non farlo troppo spesso.<\/p>\n<p style=\"font-family:OpenSans;font-size:14px;font-weight:300;letter-spacing:normal;line-height:inherit;text-align:start;white-space:pre-wrap;color:rgb(0, 0, 0);margin:0px;margin-bottom:0px;margin-top:0px;margin-left:0px;margin-right:0px;padding:0px;padding-bottom:0px;padding-top:0px;padding-left:0px;padding-right:0px;box-sizing:border-box\" align=\"start\"><strong><span style=\"font-size:16px\" id=\"tl_11\">D3. Perch\u00e9 ci sono capelli corti sulla trama?<\/span><\/strong><\/p>\n<p style=\"font-family:OpenSans;font-size:14px;font-weight:300;letter-spacing:normal;line-height:inherit;text-align:start;white-space:pre-wrap;color:rgb(0, 0, 0);margin:0px;margin-bottom:0px;margin-top:0px;margin-left:0px;margin-right:0px;padding:0px;padding-bottom:0px;padding-top:0px;padding-left:0px;padding-right:0px;box-sizing:border-box\" align=\"start\" id=\"tl_12\"><strong>R:<\/strong>Quando i capelli vengono tagliati dai donatori, si tratta di un fascio di capelli lunghi senza trama. Una lunghezza di capelli deve essere piegata per cucire la trama. Per questo motivo ci sono capelli corti su un lato. Per favore, non preoccuparti di questo, non influir\u00e0 sull&#8217;aspetto dei capelli n\u00e9 sulla loro utilizzazione e qualit\u00e0.<\/p>\n<p style=\"font-family:OpenSans;font-size:14px;font-weight:300;letter-spacing:normal;line-height:inherit;text-align:start;white-space:pre-wrap;color:rgb(0, 0, 0);margin:0px;margin-bottom:0px;margin-top:0px;margin-left:0px;margin-right:0px;padding:0px;padding-bottom:0px;padding-top:0px;padding-left:0px;padding-right:0px;box-sizing:border-box\" align=\"start\"><span style=\"font-size:16px\"><strong id=\"tl_13\">D4. Ogni ciocca di capelli ha la stessa lunghezza?<\/strong><\/span><\/p>\n<p style=\"font-family:OpenSans;font-size:14px;font-weight:300;letter-spacing:normal;line-height:inherit;text-align:start;white-space:pre-wrap;color:rgb(0, 0, 0);margin:0px;margin-bottom:0px;margin-top:0px;margin-left:0px;margin-right:0px;padding:0px;padding-bottom:0px;padding-top:0px;padding-left:0px;padding-right:0px;box-sizing:border-box\" align=\"start\" id=\"tl_14\"><strong>R:<\/strong>I nostri capelli sono capelli umani, tagliati da giovani donatori. Come i nostri capelli naturali, i veri capelli umani non possono crescere con la stessa lunghezza esatta per ogni singola ciocca. Per questo motivo, le punte dei capelli umani sono sempre pi\u00f9 sottili rispetto alla parte superiore. Vi preghiamo di comprendere appieno e considerare attentamente prima di effettuare un ordine.<\/p>\n<p style=\"font-family:OpenSans;font-size:14px;font-weight:300;letter-spacing:normal;line-height:inherit;text-align:start;white-space:pre-wrap;color:rgb(0, 0, 0);margin:0px;margin-bottom:0px;margin-top:0px;margin-left:0px;margin-right:0px;padding:0px;padding-bottom:0px;padding-top:0px;padding-left:0px;padding-right:0px;box-sizing:border-box\" align=\"start\"><span style=\"font-size:16px\"><strong id=\"tl_15\">Q5.Come misurare la lunghezza dei capelli?<\/strong><\/span><\/p>\n<p style=\"font-family:OpenSans;font-size:14px;font-weight:300;letter-spacing:normal;line-height:inherit;text-align:start;white-space:pre-wrap;color:rgb(0, 0, 0);margin:0px;margin-bottom:0px;margin-top:0px;margin-left:0px;margin-right:0px;padding:0px;padding-bottom:0px;padding-top:0px;padding-left:0px;padding-right:0px;box-sizing:border-box\" align=\"start\" id=\"tl_16\"><strong>R:<\/strong>Per i capelli mossi, si prega di stirarli per misurarli correttamente.<\/p>\n<p style=\"font-family:OpenSans;font-size:14px;font-weight:300;letter-spacing:normal;line-height:inherit;text-align:start;white-space:pre-wrap;color:rgb(0, 0, 0);margin:0px;margin-bottom:0px;margin-top:0px;margin-left:0px;margin-right:0px;padding:0px;padding-bottom:0px;padding-top:0px;padding-left:0px;padding-right:0px;box-sizing:border-box\" align=\"start\"><span style=\"font-size:16px\"><strong id=\"tl_17\">D6. Posso ordinare una parrucca frontale in pizzo HD 13&#215;6 con densit\u00e0 250 o una parrucca frontale in pizzo 13&#215;6 da 40 pollici in capelli umani?<\/strong><\/span><\/p>\n<p style=\"font-family:OpenSans;font-size:14px;font-weight:300;letter-spacing:normal;line-height:inherit;text-align:start;white-space:pre-wrap;color:rgb(0, 0, 0);margin:0px;margin-bottom:0px;margin-top:0px;margin-left:0px;margin-right:0px;padding:0px;padding-bottom:0px;padding-top:0px;padding-left:0px;padding-right:0px;box-sizing:border-box\" align=\"start\" id=\"tl_18\"><strong>R:<\/strong>S\u00ec, puoi scegliere prodotti personalizzati e prenotare in anticipo. Il ciclo di produzione generale \u00e8 di 3-7 giorni.<\/p>\n<p style=\"font-family:OpenSans;font-size:14px;font-weight:300;letter-spacing:normal;line-height:inherit;text-align:start;white-space:pre-wrap;color:rgb(0, 0, 0);margin:0px;margin-bottom:0px;margin-top:0px;margin-left:0px;margin-right:0px;padding:0px;padding-bottom:0px;padding-top:0px;padding-left:0px;padding-right:0px;box-sizing:border-box\" align=\"start\"><span style=\"font-size:16px\"><strong id=\"tl_19\">D7. Quali prodotti sono le parrucche pre-plucked senza colla in capelli umani pronte da indossare?<\/strong><\/span><\/p>\n<p style=\"font-family:OpenSans;font-size:14px;font-weight:300;letter-spacing:normal;line-height:inherit;text-align:start;white-space:pre-wrap;color:rgb(0, 0, 0);margin:0px;margin-bottom:0px;margin-top:0px;margin-left:0px;margin-right:0px;padding:0px;padding-bottom:0px;padding-top:0px;padding-left:0px;padding-right:0px;box-sizing:border-box\" align=\"start\" id=\"tl_20\"><strong>R:<\/strong>Abbiamo parrucche senza colla con chiusura in pizzo HD 4X4, parrucche senza colla con chiusura in pizzo HD 5X5, parrucche senza colla con chiusura in pizzo HD 6X6. Tuttavia, le parrucche frontali in pizzo HD 13&#215;6 e le parrucche frontali in pizzo 13&#215;4 non sono parrucche senza colla, realizzate con capelli umani pre-pettinati e pre-tagliati.<\/p>\n<p><\/p>\n<\/p><\/div>\n<\/div>\n<p><\/p>\n<\/div>\n<\/div>\n","protected":false},"excerpt":{"rendered":"<p>4C Bordi crespi Cinghia invisibile riccia crespa 360 Parrucche senza colla anteriori in pizzo completo Parrucca frontale in pizzo per [&hellip;]<\/p>\n","protected":false},"featured_media":527873,"comment_status":"open","ping_status":"closed","template":"","meta":{"site-sidebar-layout":"default","site-content-layout":"","ast-site-content-layout":"default","site-content-style":"default","site-sidebar-style":"default","ast-global-header-display":"","ast-banner-title-visibility":"","ast-main-header-display":"","ast-hfb-above-header-display":"","ast-hfb-below-header-display":"","ast-hfb-mobile-header-display":"","site-post-title":"","ast-breadcrumbs-content":"","ast-featured-img":"","footer-sml-layout":"","ast-disable-related-posts":"","theme-transparent-header-meta":"","adv-header-id-meta":"","stick-header-meta":"","header-above-stick-meta":"","header-main-stick-meta":"","header-below-stick-meta":"","astra-migrate-meta-layouts":"default","ast-page-background-enabled":"default","ast-page-background-meta":{"desktop":{"background-color":"var(--ast-global-color-5)","background-image":"","background-repeat":"repeat","background-position":"center center","background-size":"auto","background-attachment":"scroll","background-type":"","background-media":"","overlay-type":"","overlay-color":"","overlay-opacity":"","overlay-gradient":""},"tablet":{"background-color":"","background-image":"","background-repeat":"repeat","background-position":"center center","background-size":"auto","background-attachment":"scroll","background-type":"","background-media":"","overlay-type":"","overlay-color":"","overlay-opacity":"","overlay-gradient":""},"mobile":{"background-color":"","background-image":"","background-repeat":"repeat","background-position":"center center","background-size":"auto","background-attachment":"scroll","background-type":"","background-media":"","overlay-type":"","overlay-color":"","overlay-opacity":"","overlay-gradient":""}},"ast-content-background-meta":{"desktop":{"background-color":"var(--ast-global-color-4)","background-image":"","background-repeat":"repeat","background-position":"center center","background-size":"auto","background-attachment":"scroll","background-type":"","background-media":"","overlay-type":"","overlay-color":"","overlay-opacity":"","overlay-gradient":""},"tablet":{"background-color":"var(--ast-global-color-4)","background-image":"","background-repeat":"repeat","background-position":"center center","background-size":"auto","background-attachment":"scroll","background-type":"","background-media":"","overlay-type":"","overlay-color":"","overlay-opacity":"","overlay-gradient":""},"mobile":{"background-color":"var(--ast-global-color-4)","background-image":"","background-repeat":"repeat","background-position":"center center","background-size":"auto","background-attachment":"scroll","background-type":"","background-media":"","overlay-type":"","overlay-color":"","overlay-opacity":"","overlay-gradient":""}}},"product_brand":[],"product_cat":[38352],"product_tag":[],"class_list":["post-527850","product","type-product","status-publish","has-post-thumbnail","product_cat-extension-capelli-parrucche-pizzo-umani","desktop-align-left","tablet-align-left","mobile-align-center","first","instock","sale","shipping-taxable","purchasable","product-type-variable"],"_links":{"self":[{"href":"https:\/\/vitacomoda.it\/bellezza\/wp-json\/wp\/v2\/product\/527850","targetHints":{"allow":["GET"]}}],"collection":[{"href":"https:\/\/vitacomoda.it\/bellezza\/wp-json\/wp\/v2\/product"}],"about":[{"href":"https:\/\/vitacomoda.it\/bellezza\/wp-json\/wp\/v2\/types\/product"}],"replies":[{"embeddable":true,"href":"https:\/\/vitacomoda.it\/bellezza\/wp-json\/wp\/v2\/comments?post=527850"}],"wp:featuredmedia":[{"embeddable":true,"href":"https:\/\/vitacomoda.it\/bellezza\/wp-json\/wp\/v2\/media\/527873"}],"wp:attachment":[{"href":"https:\/\/vitacomoda.it\/bellezza\/wp-json\/wp\/v2\/media?parent=527850"}],"wp:term":[{"taxonomy":"product_brand","embeddable":true,"href":"https:\/\/vitacomoda.it\/bellezza\/wp-json\/wp\/v2\/product_brand?post=527850"},{"taxonomy":"product_cat","embeddable":true,"href":"https:\/\/vitacomoda.it\/bellezza\/wp-json\/wp\/v2\/product_cat?post=527850"},{"taxonomy":"product_tag","embeddable":true,"href":"https:\/\/vitacomoda.it\/bellezza\/wp-json\/wp\/v2\/product_tag?post=527850"}],"curies":[{"name":"wp","href":"https:\/\/api.w.org\/{rel}","templated":true}]}}